{"id":6,"date":"2026-07-30T06:36:14","date_gmt":"2026-07-30T06:36:14","guid":{"rendered":"http:\/\/localhost:8080\/?page_id=6"},"modified":"2026-07-30T07:47:33","modified_gmt":"2026-07-30T07:47:33","slug":"evenements-particuliers","status":"publish","type":"page","link":"https:\/\/demo.gregoiremureau.com\/mcr\/evenements-particuliers\/","title":{"rendered":"\u00c9v\u00e9nements particuliers"},"content":{"rendered":"<p>Le MCR Meyrin participe \u00e0 des temps forts qui marquent la vie du mouvement et de la paroisse.<\/p>\n<h2>60\u1d49 anniversaire du MCR romand<\/h2>\n<p><img width=\"300\" height=\"300\" src=\"https:\/\/greg-madman-nas.duckdns.org\/mcr\/wp-content\/uploads\/2026\/07\/60e-anniversaire-300x300.avif\" class=\"logo-60\" alt=\"Logo 60e anniversaire du MCR romand\" decoding=\"async\" loading=\"lazy\" srcset=\"https:\/\/greg-madman-nas.duckdns.org\/mcr\/wp-content\/uploads\/2026\/07\/60e-anniversaire-300x300.avif 300w, https:\/\/greg-madman-nas.duckdns.org\/mcr\/wp-content\/uploads\/2026\/07\/60e-anniversaire-150x150.avif 150w, https:\/\/greg-madman-nas.duckdns.org\/mcr\/wp-content\/uploads\/2026\/07\/60e-anniversaire.avif 308w\" sizes=\"auto, (max-width: 300px) 100vw, 300px\" \/><\/p>\n<p>Le <strong>11 juin 2025<\/strong>, pr\u00e8s de 600 personnes se sont r\u00e9unies \u00e0 Payerne pour c\u00e9l\u00e9brer les 60 ans du MCR romand, sous le th\u00e8me \u00ab Tourn\u00e9s vers l&rsquo;avenir \u00bb.<\/p>\n<h2>Chemin de Joie \u2014 Gen\u00e8ve<\/h2>\n<p>Le <strong>5 octobre 2023<\/strong>, le MCR a particip\u00e9 au Chemin de Joie \u00e0 Gen\u00e8ve, un parcours spirituel \u00e0 travers la ville.<\/p>\n<h2>Red Week \u2014 Semaine de pri\u00e8re<\/h2>\n<p>Chaque ann\u00e9e en novembre, la <strong>Red Week<\/strong> invite \u00e0 prier pour les chr\u00e9tiens pers\u00e9cut\u00e9s \u00e0 travers le monde.<\/p>\n","protected":false},"excerpt":{"rendered":"<p>Le MCR Meyrin participe \u00e0 des temps forts qui marquent la vie du mouvement et de la paroisse. 60\u1d49 anniversaire du MCR romand Le 11 juin 2025, pr\u00e8s de 600 personnes se sont r\u00e9unies \u00e0 Payerne pour c\u00e9l\u00e9brer les 60 ans du MCR romand, sous le th\u00e8me \u00ab Tourn\u00e9s vers l&rsquo;avenir \u00bb. Chemin de Joie [&hellip;]<\/p>\n","protected":false},"author":0,"featured_media":0,"parent":0,"menu_order":0,"comment_status":"closed","ping_status":"closed","template":"","meta":{"footnotes":""},"class_list":["post-6","page","type-page","status-publish","hentry"],"_links":{"self":[{"href":"https:\/\/demo.gregoiremureau.com\/mcr\/wp-json\/wp\/v2\/pages\/6","targetHints":{"allow":["GET"]}}],"collection":[{"href":"https:\/\/demo.gregoiremureau.com\/mcr\/wp-json\/wp\/v2\/pages"}],"about":[{"href":"https:\/\/demo.gregoiremureau.com\/mcr\/wp-json\/wp\/v2\/types\/page"}],"replies":[{"embeddable":true,"href":"https:\/\/demo.gregoiremureau.com\/mcr\/wp-json\/wp\/v2\/comments?post=6"}],"version-history":[{"count":1,"href":"https:\/\/demo.gregoiremureau.com\/mcr\/wp-json\/wp\/v2\/pages\/6\/revisions"}],"predecessor-version":[{"id":22,"href":"https:\/\/demo.gregoiremureau.com\/mcr\/wp-json\/wp\/v2\/pages\/6\/revisions\/22"}],"wp:attachment":[{"href":"https:\/\/demo.gregoiremureau.com\/mcr\/wp-json\/wp\/v2\/media?parent=6"}],"curies":[{"name":"wp","href":"https:\/\/api.w.org\/{rel}","templated":true}]}}