{"id":10,"date":"2026-07-30T06:36:14","date_gmt":"2026-07-30T06:36:14","guid":{"rendered":"http:\/\/localhost:8080\/?page_id=10"},"modified":"2026-07-30T06:36:14","modified_gmt":"2026-07-30T06:36:14","slug":"ressources","status":"publish","type":"page","link":"https:\/\/demo.gregoiremureau.com\/mcr\/ressources\/","title":{"rendered":"Ressources"},"content":{"rendered":"<p>Documents et livrets du MCR Meyrin \u00e0 t\u00e9l\u00e9charger ou consulter.<\/p>\n<h2>Livret annuel<\/h2>\n<p>Le livret \u00ab <strong>Tous Ensemble<\/strong> \u00bb pour la saison 2026-2027 sera disponible d\u00e8s la rentr\u00e9e. Il pr\u00e9sente le th\u00e8me, les dates et les textes de r\u00e9flexion.<\/p>\n<h2>Documents statutaires<\/h2>\n<p>Les statuts du MCR romand et les documents du Conseil de Communaut\u00e9 sont disponibles sur demande.<\/p>\n","protected":false},"excerpt":{"rendered":"<p>Documents et livrets du MCR Meyrin \u00e0 t\u00e9l\u00e9charger ou consulter. Livret annuel Le livret \u00ab Tous Ensemble \u00bb pour la saison 2026-2027 sera disponible d\u00e8s la rentr\u00e9e. Il pr\u00e9sente le th\u00e8me, les dates et les textes de r\u00e9flexion. Documents statutaires Les statuts du MCR romand et les documents du Conseil de Communaut\u00e9 sont disponibles sur [&hellip;]<\/p>\n","protected":false},"author":0,"featured_media":0,"parent":0,"menu_order":0,"comment_status":"closed","ping_status":"closed","template":"","meta":{"footnotes":""},"class_list":["post-10","page","type-page","status-publish","hentry"],"_links":{"self":[{"href":"https:\/\/demo.gregoiremureau.com\/mcr\/wp-json\/wp\/v2\/pages\/10","targetHints":{"allow":["GET"]}}],"collection":[{"href":"https:\/\/demo.gregoiremureau.com\/mcr\/wp-json\/wp\/v2\/pages"}],"about":[{"href":"https:\/\/demo.gregoiremureau.com\/mcr\/wp-json\/wp\/v2\/types\/page"}],"replies":[{"embeddable":true,"href":"https:\/\/demo.gregoiremureau.com\/mcr\/wp-json\/wp\/v2\/comments?post=10"}],"version-history":[{"count":0,"href":"https:\/\/demo.gregoiremureau.com\/mcr\/wp-json\/wp\/v2\/pages\/10\/revisions"}],"wp:attachment":[{"href":"https:\/\/demo.gregoiremureau.com\/mcr\/wp-json\/wp\/v2\/media?parent=10"}],"curies":[{"name":"wp","href":"https:\/\/api.w.org\/{rel}","templated":true}]}}